{"id":956,"date":"2023-03-03T17:30:29","date_gmt":"2023-03-03T16:30:29","guid":{"rendered":"https:\/\/civitas.ba\/projektgradjanin\/?page_id=956"},"modified":"2024-04-23T12:44:50","modified_gmt":"2024-04-23T10:44:50","slug":"takmicenja-natjecanja","status":"publish","type":"page","link":"https:\/\/civitas.ba\/projektgradjanin\/takmicenja-natjecanja\/","title":{"rendered":"Takmi\u010denja\/Natjecanja"},"content":{"rendered":"\n<p><strong>Kao prijavu za takmi\u010denje\/natjecanje<\/strong> predmetni nastavnik\/nastavnica \u0107e dostaviti <strong>digitalni porotfolio<\/strong> koji treba sadr\u017eavati:<\/p>\n\n\n\n<ul class=\"wp-block-list\">\n<li><strong>Izlo\u017ebeni dio<\/strong>: Power point prezentaciju u propisanom obrascu (PPT template) sa snimljenim video izlaganjima u\u010denika i u\u010denica<\/li>\n\n\n\n<li><strong>Dio za dokumentaciju<\/strong>: 4 PDF dokumenta ili 4 foldera ozna\u010dena nazivima 4 cjeline digitalnog portfolija koji sadr\u017eaje dokumentaciju kao dokaz svega \u0161to se navodi u izlo\u017ebenom dijelu portfolija u: 1) Prvoj cjelini &#8211; Analiza problema 2) Drugoj cjelini &#8211; Analiza postoje\u0107e i alternativnih mjera javne politike 3) Tre\u0107oj cjelini &#8211; Politika na\u0161eg odjeljenja 4) \u010cetvrta cjelina &#8211; Plan akcije <\/li>\n<\/ul>\n\n\n\n<hr class=\"wp-block-separator has-alpha-channel-opacity\"\/>\n\n\n\n<p class=\"has-text-color has-medium-font-size\" style=\"color:#2378a9\"><strong><mark style=\"background-color:rgba(0, 0, 0, 0);color:#e22867\" class=\"has-inline-color\">KAKO POSLATI PRIJAVU<\/mark><\/strong><\/p>\n\n\n\n<p>Za dostavljanje portfolija koristite domenu <strong><a href=\"https:\/\/civitas.website.ba\/prijave\/?fbclid=IwZXh0bgNhZW0CMTAAAR1PwulmTz8ROvzsyiXYvunVTgi0hNRIt0sv_N0mnDrmLdMuqALzY2wgNV0_aem_AfP_4Q2vUvF-TAchyKhH8Opufj2LWOEMg0skUL19p9TA55dwOwPkn8WhNCgTrIyX4S1p-eetrKJB2JNElwAPuJXV\" target=\"_blank\" rel=\"noreferrer noopener\">DIGITALNOG REPOZITORIJA TAKMI\u010cENJA. <\/a><\/strong><\/p>\n\n\n\n<p>Navedite naziv \u0161kole i ime predmetnog nastavnika\/nastavnice. Ozna\u010dite kanton i op\u0107inu iz adrese svoje \u0161kole. Birajte jednu od dvije ponu\u0111ene kategorije takmi\u010denja\/natjecanja (1 &#8211; Osnovne \u0161kole 2 &#8211; Srednje \u0161kole). Unesite Izlo\u017ebeni dio, a zatim i dio za dokumentaciju svog digitalnog portfolija. <\/p>\n\n\n\n<div class=\"wp-block-columns is-layout-flex wp-container-core-columns-is-layout-9d6595d7 wp-block-columns-is-layout-flex\">\n<div class=\"wp-block-column is-layout-flow wp-block-column-is-layout-flow\" style=\"flex-basis:100%\">\n<figure class=\"wp-block-embed is-type-video is-provider-youtube wp-block-embed-youtube wp-embed-aspect-16-9 wp-has-aspect-ratio\"><div class=\"wp-block-embed__wrapper\">\n<iframe loading=\"lazy\" title=\"Projekt gra\u0111anin \/ Projekat Ja gra\u0111anin 2023\/2024. - instrukcije za slanje digitalnog portfolija\" width=\"640\" height=\"360\" src=\"https:\/\/www.youtube.com\/embed\/bJ_s7xSlBlE?feature=oembed\" frameborder=\"0\" allow=\"accelerometer; autoplay; clipboard-write; encrypted-media; gyroscope; picture-in-picture; web-share\" referrerpolicy=\"strict-origin-when-cross-origin\" allowfullscreen><\/iframe>\n<\/div><figcaption class=\"wp-element-caption\">Nakon odgledane video instrukcije, za pristup repozitoriju takmi\u010denja klikni <strong><a href=\"https:\/\/civitas.website.ba\/prijave\/?fbclid=IwZXh0bgNhZW0CMTAAAR1PwulmTz8ROvzsyiXYvunVTgi0hNRIt0sv_N0mnDrmLdMuqALzY2wgNV0_aem_AfP_4Q2vUvF-TAchyKhH8Opufj2LWOEMg0skUL19p9TA55dwOwPkn8WhNCgTrIyX4S1p-eetrKJB2JNElwAPuJXV\" target=\"_blank\" rel=\"noreferrer noopener\">OVDJE<\/a><\/strong>.<\/figcaption><\/figure>\n<\/div>\n<\/div>\n\n\n\n<p><\/p>\n\n\n\n<p class=\"has-text-color has-medium-font-size\" style=\"color:#c00d81\"><strong><mark style=\"background-color:rgba(0, 0, 0, 0);color:#e22867\" class=\"has-inline-color\">OCJENA PORTFOLIJA <\/mark><\/strong><\/p>\n\n\n\n<p><strong>Tro\u010dlani tim sudija\/sudaca <\/strong>\u0107e pregledati i ocijeniti portfolije i izvijestiti o pobjednicima op\u0107inskih\/op\u0161tinskih takmi\u010denja\/natjecanja. <\/p>\n\n\n\n<ul class=\"wp-block-list\">\n<li>Ako se u jednoj op\u0107ini\/op\u0161tini, odnosno jednom gradu prijave najmanje tri \u0161kolska tima za njih se organizuje <strong><em>op\u0107insko\/op\u0161tinsko, odnosno gradsko takmi\u010denje<\/em><\/strong>. Pobjednik ovog takmi\u010denja predstavlja op\u0107inu\/op\u0161tinu, odnosno grad na kantonalnom takmi\u010denju\/\u017eupanijskom natjecanju za timove iz Federacije Bosne i Hercegovine ili regionalnom takmi\u010denju za timove iz Republike Srpske.<\/li>\n\n\n\n<li>Ako se u jednoj op\u0107ini\/op\u0161tini, odnosno jednom gradu prijavi samo jedan ili eventualno dva \u0161kolska tima, <strong><em>nisu se stekli uvjeti za organizaciju<\/em><\/strong> op\u0107inskog\/op\u0161tinskog, odnosno gradskog takmi\u010denja, pa se prijavljeni tim ili timovi ako su dva, plasiraju izravno na kantonalno takmi\u010denje\/\u017eupanijsko natjecanje u Federaciji Bosne i Hercegovine, tj. regionalno takmi\u010denje u Republici Srpskoj.<\/li>\n\n\n\n<li>Za Br\u010dko Distrikt BiH organizira se jedno takmi\u010denje\/natjecanje, na razini distrikta, za dvije, odvojene kategorije takmi\u010dara\/natjecatelja a) Kategoriju osnovnih \u0161kola i b) Kategoriju srednjih \u0161kola.<\/li>\n<\/ul>\n\n\n\n<p class=\"has-text-color has-medium-font-size\" style=\"color:#7535a0\"><strong><mark style=\"background-color:rgba(0, 0, 0, 0);color:#e22867\" class=\"has-inline-color\">VI\u0160I NIVOI TAKMI\u010cENJA &#8211; VI\u0160E RAZINE NATJECANJA <\/mark><\/strong><\/p>\n\n\n\n<p class=\"has-text-color\" style=\"color:#643485\"><strong>Kantonalna takmi\u010denja, odnosno \u017eupanijska natjecanja u Federaciji Bosne i Hercegovine, regionalna takmi\u010denja u Republici Srpskoj i takmi\u010denje\/natjecanje za Br\u010dko Distrikt BiH organiziraju se, uz LIVE\/U\u017dIVO IZLAGANJA u\u010denika i u\u010denica i uz vrijeme za pitanja sudija\/sudaca.<\/strong><\/p>\n\n\n\n<p><strong>Na dan takmi\u010denja\/natjecanja<\/strong>, u\u010denici i u\u010denice su u svojim \u0161kolama, svojim odjeljenjima\/razrednim odjelima. U dogovoreno vrijeme, putem video poziva, izravno \u0107e se uklju\u010diti u program takmi\u010denja\/natjecanja.  <\/p>\n\n\n\n<ul class=\"wp-block-list\">\n<li><strong>Link za video poziv<\/strong> \u0161alje se predmetnom nastavniku\/nastavnici, uz najavu generalne probe. Ta proba uklju\u010duje dogovor oko postavljanja kamere u u\u010dionici &#8211; dogovor kadra i tonsku probu za sve u\u010denike i u\u010denice koji \u0107e izlagati portfolio.<\/li>\n\n\n\n<li>\u0160kolski timovi prijavljuju se, odnosno izravno\/direktno se uklju\u010duju u program takmi\u010denja\/natjecanja <strong>samo i isklju\u010divo s jednim korisni\u010dkim ra\u010dunom &#8211; profilom<\/strong>.<\/li>\n\n\n\n<li>Kada organizator\/organizatorica prozove va\u0161 \u0161kolski tim, u kadru je svih <strong>8 u\u010denika i u\u010denica koji izla\u017eu portfolio<\/strong>. I drugi u\u010denici mogu biti u odjeljenju, u kadru &#8220;iza&#8221; u odnosu na u\u010denike i u\u010denice koji\/e izla\u017eu. <\/li>\n\n\n\n<li><strong>Prva dva u\u010denika\/u\u010denice<\/strong> istupaju ispred tima koji izla\u017ee. Prilaze bli\u017ee kameri i izla\u017eu svoj dio portfolija: prvu od 4 cjeline. I kod ovih izlaganja vrijedi pravilo da je <strong>vrijeme izlaganja svake cjeline 4 minute<\/strong> i to <strong>2 x 2 minute<\/strong> za svakog u\u010denika\/u\u010denici koji\/koja izla\u017ee tu cjelinu.<\/li>\n\n\n\n<li><strong>Slijedi 6 minuta za pitanja sudija <\/strong>i va\u0161e odgovore. <\/li>\n\n\n\n<li>U nastavku, bli\u017ee kameri prilaze druga dva u\u010denika\/u\u010denice &#8211; tim koji izla\u017ee drugu cjelinu. Vrijeme njihovog izlaganja je, isto tako, 4 minute s dodatnih 6 minuta za pitanja sudija\/sudaca. <\/li>\n\n\n\n<li><strong>Kada izlo\u017eite cijeli portfolio, sve njegove cjeline, organizator\/organizatorica \u0107e va\u0161em timu isklju\u010diti mikrofon.<\/strong> U tom trenutku mo\u017eete se, u potpunosti, isklju\u010diti iz poziva <em>(live prijenosa takmi\u010denja\/natjecanja) <\/em>ili ostati i bez prava aktivnog u\u010de\u0161\u0107a\/sudjelovanja, pratiti izlaganja drugih \u0161kolskih timova. <\/li>\n<\/ul>\n\n\n\n<p>Organizator\/Organizatorica \u0107e, za svaki \u0161kolski tim, <strong>uz konkretan dan i datum takmi\u010denja\/natjecanja objaviti i konkretno vrijeme izlaganja, odnosno uklju\u010denja.<\/strong> Takmi\u010denje\/Natjecanje mo\u017ee se organizirati u vi\u0161e dana ili sa du\u017eim pauzama izme\u0111u dva izlaganja \u0161kolskih timova, u jednom danu takmi\u010denja\/natjecanja.<\/p>\n\n\n\n<hr class=\"wp-block-separator has-alpha-channel-opacity\"\/>\n\n\n\n<p class=\"has-text-color\" style=\"color:#652d72\"><strong>Preuzmite<\/strong> <strong>PRAVILNIK takmi\u010denja\/natjecanja<\/strong>; Jo\u0161 jednom provjerite, \u0161to sve trebaju sadr\u017eavati i <strong><em>Dio za izlaganje<\/em><\/strong> i <strong><em>Dio za dokumentaciju <\/em><\/strong>va\u0161eg digitalnog portfolija. <\/p>\n\n\n\n<figure class=\"wp-block-gallery has-nested-images columns-default is-cropped wp-block-gallery-1 is-layout-flex wp-block-gallery-is-layout-flex\">\n<figure class=\"wp-block-image size-large\"><a href=\"https:\/\/fliphtml5.com\/tnwqt\/gunw\" target=\"_blank\" rel=\"noreferrer noopener\"><img loading=\"lazy\" decoding=\"async\" width=\"1024\" height=\"658\" data-id=\"1155\" src=\"https:\/\/civitas.ba\/projektgradjanin\/wp-content\/uploads\/2023\/03\/My-mockup-167-from-Retro-Vinyl-Record-Mockups-1-2-1024x658.jpg\" alt=\"\" class=\"wp-image-1155\" srcset=\"https:\/\/civitas.ba\/projektgradjanin\/wp-content\/uploads\/2023\/03\/My-mockup-167-from-Retro-Vinyl-Record-Mockups-1-2-1024x658.jpg 1024w, https:\/\/civitas.ba\/projektgradjanin\/wp-content\/uploads\/2023\/03\/My-mockup-167-from-Retro-Vinyl-Record-Mockups-1-2-300x193.jpg 300w, https:\/\/civitas.ba\/projektgradjanin\/wp-content\/uploads\/2023\/03\/My-mockup-167-from-Retro-Vinyl-Record-Mockups-1-2-768x494.jpg 768w, https:\/\/civitas.ba\/projektgradjanin\/wp-content\/uploads\/2023\/03\/My-mockup-167-from-Retro-Vinyl-Record-Mockups-1-2-1536x987.jpg 1536w, https:\/\/civitas.ba\/projektgradjanin\/wp-content\/uploads\/2023\/03\/My-mockup-167-from-Retro-Vinyl-Record-Mockups-1-2-2048x1316.jpg 2048w, https:\/\/civitas.ba\/projektgradjanin\/wp-content\/uploads\/2023\/03\/My-mockup-167-from-Retro-Vinyl-Record-Mockups-1-2-850x546.jpg 850w\" sizes=\"auto, (max-width: 1024px) 100vw, 1024px\" \/><\/a><figcaption class=\"wp-element-caption\"><strong><a href=\"https:\/\/fliphtml5.com\/tnwqt\/gunw\" target=\"_blank\" rel=\"noreferrer noopener\">PRAVILNIK &#8211; BOSANSKI JEZIK<\/a><\/strong><\/figcaption><\/figure>\n\n\n\n<figure class=\"wp-block-image size-large\"><a href=\"https:\/\/fliphtml5.com\/tnwqt\/ddda\" target=\"_blank\" rel=\"noreferrer noopener\"><img loading=\"lazy\" decoding=\"async\" width=\"1024\" height=\"658\" data-id=\"1156\" src=\"https:\/\/civitas.ba\/projektgradjanin\/wp-content\/uploads\/2023\/03\/My-mockup-167-from-Retro-Vinyl-Record-Mockups-2-1024x658.jpg\" alt=\"\" class=\"wp-image-1156\" srcset=\"https:\/\/civitas.ba\/projektgradjanin\/wp-content\/uploads\/2023\/03\/My-mockup-167-from-Retro-Vinyl-Record-Mockups-2-1024x658.jpg 1024w, https:\/\/civitas.ba\/projektgradjanin\/wp-content\/uploads\/2023\/03\/My-mockup-167-from-Retro-Vinyl-Record-Mockups-2-300x193.jpg 300w, https:\/\/civitas.ba\/projektgradjanin\/wp-content\/uploads\/2023\/03\/My-mockup-167-from-Retro-Vinyl-Record-Mockups-2-768x494.jpg 768w, https:\/\/civitas.ba\/projektgradjanin\/wp-content\/uploads\/2023\/03\/My-mockup-167-from-Retro-Vinyl-Record-Mockups-2-1536x987.jpg 1536w, https:\/\/civitas.ba\/projektgradjanin\/wp-content\/uploads\/2023\/03\/My-mockup-167-from-Retro-Vinyl-Record-Mockups-2-2048x1316.jpg 2048w, https:\/\/civitas.ba\/projektgradjanin\/wp-content\/uploads\/2023\/03\/My-mockup-167-from-Retro-Vinyl-Record-Mockups-2-850x546.jpg 850w\" sizes=\"auto, (max-width: 1024px) 100vw, 1024px\" \/><\/a><figcaption class=\"wp-element-caption\"><strong><a href=\"https:\/\/fliphtml5.com\/tnwqt\/ddda\" target=\"_blank\" rel=\"noreferrer noopener\">PRAVILNIK &#8211; HRVATSKI JEZIK<\/a><\/strong><\/figcaption><\/figure>\n\n\n\n<figure class=\"wp-block-image size-large\"><a href=\"https:\/\/online.fliphtml5.com\/tnwqt\/bvng\/#p=1\" target=\"_blank\" rel=\"noreferrer noopener\"><img loading=\"lazy\" decoding=\"async\" width=\"1024\" height=\"658\" data-id=\"1157\" src=\"https:\/\/civitas.ba\/projektgradjanin\/wp-content\/uploads\/2023\/03\/My-mockup-168-from-Retro-Vinyl-Record-Mockups-1-1024x658.jpg\" alt=\"\" class=\"wp-image-1157\" srcset=\"https:\/\/civitas.ba\/projektgradjanin\/wp-content\/uploads\/2023\/03\/My-mockup-168-from-Retro-Vinyl-Record-Mockups-1-1024x658.jpg 1024w, https:\/\/civitas.ba\/projektgradjanin\/wp-content\/uploads\/2023\/03\/My-mockup-168-from-Retro-Vinyl-Record-Mockups-1-300x193.jpg 300w, https:\/\/civitas.ba\/projektgradjanin\/wp-content\/uploads\/2023\/03\/My-mockup-168-from-Retro-Vinyl-Record-Mockups-1-768x494.jpg 768w, https:\/\/civitas.ba\/projektgradjanin\/wp-content\/uploads\/2023\/03\/My-mockup-168-from-Retro-Vinyl-Record-Mockups-1-1536x987.jpg 1536w, https:\/\/civitas.ba\/projektgradjanin\/wp-content\/uploads\/2023\/03\/My-mockup-168-from-Retro-Vinyl-Record-Mockups-1-2048x1316.jpg 2048w, https:\/\/civitas.ba\/projektgradjanin\/wp-content\/uploads\/2023\/03\/My-mockup-168-from-Retro-Vinyl-Record-Mockups-1-850x546.jpg 850w\" sizes=\"auto, (max-width: 1024px) 100vw, 1024px\" \/><\/a><figcaption class=\"wp-element-caption\"><strong><a href=\"https:\/\/online.fliphtml5.com\/tnwqt\/bvng\/#p=1\" target=\"_blank\" rel=\"noreferrer noopener\">\u041f\u0420\u0410\u0412\u0418\u041b\u041d\u0418\u041a &#8211; \u0421\u0420\u041f\u0421\u041a\u0418 \u0408\u0415\u0417\u0418\u041a<\/a><\/strong><\/figcaption><\/figure>\n<\/figure>\n\n\n\n<hr class=\"wp-block-separator has-alpha-channel-opacity\"\/>\n\n\n\n<p class=\"has-text-color has-medium-font-size\" style=\"color:#c01540\"><strong><mark style=\"background-color:rgba(0, 0, 0, 0);color:#e22867\" class=\"has-inline-color\">KRITERIJ PROCJENE PORTFOLIJA<\/mark><\/strong><\/p>\n\n\n\n<p>Sudije\/Suci \u0107e prvo pregledati i ocijeniti digitalni portfolio koji ste dostavili &#8211; oba njegova dijela: i Dio za izlaganje sa snimljenim video izlaganjima i Dio za dokumentaciju. Ovim \u0107e ocjenama, pridodati i ocjene live\/u\u017eivo izlaganja, u kojem imaju priliku i dodatno ispitati va\u0161e poznavanje problema. Kriterij kojim se sudije\/suci vode u ocjeni portfolija uklju\u010duju ocjenu:<\/p>\n\n\n\n<ul class=\"wp-block-list\">\n<li><strong>USTAVNOST<\/strong> \u2013 argumentacija koju ste ponudili kako bi dokazali da je mjera javne politike, koju predla\u017eete, ustavna i demokratska<em>: <\/em>u skladu s ustavom\/ustavima, univerzalnim demokratskim na\u010delima i da po\u0161tuje neotu\u0111ivost temeljnih ljudskih prava i sloboda;<\/li>\n\n\n\n<li><strong>JASNOST<\/strong> \u2013 jasno uo\u010dene i predstavljene odnose uzroka i posljedica problema; prednosti i nedostataka postoje\u0107ih i alternativnih mjera;<\/li>\n\n\n\n<li><strong>RELEVANTNOST I POTPUNOST INFORMACIJA<\/strong> kojima se slu\u017eite, na koje se pozivate;<\/li>\n\n\n\n<li><strong>PODR\u0160KA \/ POTPORA<\/strong> koju ste dobili za svoj prijedlog nove ili dopunjene mjere javne politike;<\/li>\n\n\n\n<li><strong>GRAFIKONI<\/strong> kojima ste ilustrovali sve relevantne podatke o problemu koji ste istra\u017eivali<\/li>\n\n\n\n<li><strong>DOKUMENTACIJA<\/strong> \u2013 sistemati\u010dnost, preglednost, jasnost i potpunost sadr\u017eaja koji \u010dini Dio za dokumentaciju.<\/li>\n<\/ul>\n\n\n\n<p>I kod ocjene digitalnog portfolija i kod ocjene live\/u\u017eivo izlaganja, sudije\/suci \u0107e posebno vrednovati:<\/p>\n\n\n\n<ul class=\"wp-block-list\">\n<li>jesu li u\u010denici i u\u010denice za rje\u0161enje problema <strong>predlo\u017eili mjeru javne politike<\/strong>,<\/li>\n\n\n\n<li>jesu li pravilno odredili <strong>nivo\/razinu, granu i konkretnu instituciju vlasti, <\/strong>koja je nadle\u017ena za predaganje, odnosno usvajanje ili provedbu mjere, koju oni vide kao rje\u0161enje problema, <\/li>\n\n\n\n<li>jesu li odredili potrebne resurse &#8211; <strong>izdvajanja iz javnog bud\u017eeta\/prora\u010duna <\/strong>potrebna za provedbu njihovog rje\u0161enja,<\/li>\n\n\n\n<li>jesu li i na koji na\u010din <strong>osigurali podr\u0161ku\/potporu<\/strong> javnosti, drugih institucija vlasti, stru\u010dnjaka i stru\u010dnjakinja, medija za svoj prijedlog nove mjere javne politike, te <\/li>\n\n\n\n<li>kako su tu podr\u0161ku\/potporu koristili da mjeru koju predla\u017eu <strong>predstave instituciji vlasti nadle\u017enoj za njeno usvajanje, odnosno provedbu<\/strong>. <\/li>\n<\/ul>\n\n\n\n<hr class=\"wp-block-separator has-alpha-channel-opacity\"\/>\n\n\n\n<p class=\"has-text-color\" style=\"color:#a90830\"><strong><mark style=\"background-color:rgba(0, 0, 0, 0);color:#e22867\" class=\"has-inline-color\">BODOVNE LISTE SUDIJA\/SUDACA<\/mark><\/strong><\/p>\n\n\n\n<div class=\"wp-block-columns is-layout-flex wp-container-core-columns-is-layout-9d6595d7 wp-block-columns-is-layout-flex\">\n<div class=\"wp-block-column is-layout-flow wp-block-column-is-layout-flow\">\n<div data-wp-interactive=\"core\/file\" class=\"wp-block-file\"><object data-wp-bind--hidden=\"!state.hasPdfPreview\" hidden class=\"wp-block-file__embed\" data=\"https:\/\/civitas.ba\/projektgradjanin\/wp-content\/uploads\/2023\/03\/Lista-za-sudije-bosanski-jezik.pdf\" type=\"application\/pdf\" style=\"width:100%;height:350px\" aria-label=\"Embed of Lista-za-sudije-bosanski-jezik.\"><\/object><a id=\"wp-block-file--media-fc7d49c3-de9a-4176-86bb-87d6ba4baf35\" href=\"https:\/\/civitas.ba\/projektgradjanin\/wp-content\/uploads\/2023\/03\/Lista-za-sudije-bosanski-jezik.pdf\">Lista-za-sudije-bosanski-jezik<\/a><a href=\"https:\/\/civitas.ba\/projektgradjanin\/wp-content\/uploads\/2023\/03\/Lista-za-sudije-bosanski-jezik.pdf\" class=\"wp-block-file__button wp-element-button\" download aria-describedby=\"wp-block-file--media-fc7d49c3-de9a-4176-86bb-87d6ba4baf35\">Download<\/a><\/div>\n<\/div>\n\n\n\n<div class=\"wp-block-column is-layout-flow wp-block-column-is-layout-flow\">\n<div data-wp-interactive=\"core\/file\" class=\"wp-block-file\"><object data-wp-bind--hidden=\"!state.hasPdfPreview\" hidden class=\"wp-block-file__embed\" data=\"https:\/\/civitas.ba\/projektgradjanin\/wp-content\/uploads\/2023\/03\/Lista-za-suce-hrvatski-jezik.pdf\" type=\"application\/pdf\" style=\"width:100%;height:350px\" aria-label=\"Embed of Lista-za-suce-hrvatski-jezik.\"><\/object><a id=\"wp-block-file--media-7b408ffa-b380-4b29-8602-2c58e74bb64a\" href=\"https:\/\/civitas.ba\/projektgradjanin\/wp-content\/uploads\/2023\/03\/Lista-za-suce-hrvatski-jezik.pdf\">Lista-za-suce-hrvatski-jezik<\/a><a href=\"https:\/\/civitas.ba\/projektgradjanin\/wp-content\/uploads\/2023\/03\/Lista-za-suce-hrvatski-jezik.pdf\" class=\"wp-block-file__button wp-element-button\" download aria-describedby=\"wp-block-file--media-7b408ffa-b380-4b29-8602-2c58e74bb64a\">Download<\/a><\/div>\n<\/div>\n\n\n\n<div class=\"wp-block-column is-layout-flow wp-block-column-is-layout-flow\">\n<div data-wp-interactive=\"core\/file\" class=\"wp-block-file\"><object data-wp-bind--hidden=\"!state.hasPdfPreview\" hidden class=\"wp-block-file__embed\" data=\"https:\/\/civitas.ba\/projektgradjanin\/wp-content\/uploads\/2023\/03\/Bodovna-lista-za-ocjenu-portfolija-RS-1.pdf\" type=\"application\/pdf\" style=\"width:100%;height:350px\" aria-label=\"Embed of Lista-za-sudije-srpski-jezik.\"><\/object><a id=\"wp-block-file--media-4fe6f079-4585-4daa-a5ef-f2f784724c71\" href=\"https:\/\/civitas.ba\/projektgradjanin\/wp-content\/uploads\/2023\/03\/Bodovna-lista-za-ocjenu-portfolija-RS-1.pdf\">Lista-za-sudije-srpski-jezik<\/a><a href=\"https:\/\/civitas.ba\/projektgradjanin\/wp-content\/uploads\/2023\/03\/Bodovna-lista-za-ocjenu-portfolija-RS-1.pdf\" class=\"wp-block-file__button wp-element-button\" download aria-describedby=\"wp-block-file--media-4fe6f079-4585-4daa-a5ef-f2f784724c71\">Download<\/a><\/div>\n<\/div>\n<\/div>\n\n\n\n<hr class=\"wp-block-separator has-alpha-channel-opacity\"\/>\n","protected":false},"excerpt":{"rendered":"<p>Kao prijavu za takmi\u010denje\/natjecanje predmetni nastavnik\/nastavnica \u0107e dostaviti digitalni porotfolio koji treba sadr\u017eavati: KAKO POSLATI PRIJAVU Za dostavljanje portfolija koristite domenu DIGITALNOG REPOZITORIJA TAKMI\u010cENJA. Navedite naziv \u0161kole i ime predmetnog nastavnika\/nastavnice. Ozna\u010dite kanton i op\u0107inu iz adrese svoje \u0161kole. Birajte jednu od dvije ponu\u0111ene kategorije takmi\u010denja\/natjecanja (1 &#8211; Osnovne \u0161kole 2 &#8211; Srednje \u0161kole). Unesite&#8230;<\/p>\n","protected":false},"author":3,"featured_media":0,"parent":0,"menu_order":0,"comment_status":"closed","ping_status":"closed","template":"","meta":{"footnotes":""},"class_list":["post-956","page","type-page","status-publish","hentry"],"_links":{"self":[{"href":"https:\/\/civitas.ba\/projektgradjanin\/wp-json\/wp\/v2\/pages\/956","targetHints":{"allow":["GET"]}}],"collection":[{"href":"https:\/\/civitas.ba\/projektgradjanin\/wp-json\/wp\/v2\/pages"}],"about":[{"href":"https:\/\/civitas.ba\/projektgradjanin\/wp-json\/wp\/v2\/types\/page"}],"author":[{"embeddable":true,"href":"https:\/\/civitas.ba\/projektgradjanin\/wp-json\/wp\/v2\/users\/3"}],"replies":[{"embeddable":true,"href":"https:\/\/civitas.ba\/projektgradjanin\/wp-json\/wp\/v2\/comments?post=956"}],"version-history":[{"count":0,"href":"https:\/\/civitas.ba\/projektgradjanin\/wp-json\/wp\/v2\/pages\/956\/revisions"}],"wp:attachment":[{"href":"https:\/\/civitas.ba\/projektgradjanin\/wp-json\/wp\/v2\/media?parent=956"}],"curies":[{"name":"wp","href":"https:\/\/api.w.org\/{rel}","templated":true}]}}