{"id":978,"date":"2023-03-03T18:07:25","date_gmt":"2023-03-03T17:07:25","guid":{"rendered":"https:\/\/civitas.ba\/projektgradjanin\/?page_id=978"},"modified":"2026-03-10T11:21:09","modified_gmt":"2026-03-10T10:21:09","slug":"naslovnica","status":"publish","type":"page","link":"https:\/\/civitas.ba\/projektgradjanin\/","title":{"rendered":"Prakti\u010dna nastava PG-6248"},"content":{"rendered":"\n<p>Prakti\u010dna nastava <strong>&#8220;Projekt gra\u0111anin\/Projekat Ja gra\u0111anin&#8221; <\/strong>priprema u\u010denike i u\u010denice za ulogu aktivnih, odgovornih i informiranih gra\u0111ana i gra\u0111anki demokratskog dru\u0161tva, uklju\u010denih u procese odlu\u010divanja u njihovim zajednicama. Kroz prakti\u010dnu nastavu oni upoznaju organizaciju (vertikalnu i horizontalnu strukturu) vlasti, u\u010de razlikovati nivoe\/razine i grane vlasti, nadle\u017enosti konkretnih institucija vlasti na svakom nivou\/razini odlu\u010divanja (dono\u0161enja javne politike) i mehanizme putem kojih gra\u0111ani i gra\u0111anke mogu dio tih procesa odlu\u010divanja o javnom interesu i zajedni\u010dkom dobru, te mehanizme putem kojih mogu za\u0161titi i zagovarati ostvarivanje svojih prava i sloboda. <\/p>\n\n\n\n<p><\/p>\n\n\n\n<p class=\"has-drop-cap has-text-color has-medium-font-size\" style=\"color:#8636a5\"><strong>6 KORAKA PRAKTI\u010cNE NASTAVE<\/strong><\/p>\n\n\n\n<p>\u0160est koraka <strong>&#8220;Projekt gra\u0111anin\/Projekat Ja gra\u0111anin&#8221;<\/strong> prakti\u010dne nastave odnosi se na <strong>problemski zadatak <\/strong>suradni\u010dkog u\u010denja za sve u\u010denike i u\u010denice jednog razreda\/odjela\/odjeljenja. <\/p>\n\n\n\n<p><\/p>\n\n\n\n<p>Ovi su koraci dio redovnog u\u010denja i pou\u010davanja u predmetnoj nastavi gra\u0111anskog obrazovanja, koju poznajemo kao nastavne predmete <em>Osnovi demokratije<\/em>, <em>Osnove demokracije<\/em> i <em>Gra\u0111ansko obrazovanje <\/em>u osnovnim \u0161kolama, odnosno kao nastavne predmete <em>Demokratija i ljudska prava<\/em> i <em>Politika i gospodarstvo, demokracija i ljudska prava<\/em> u srednjim \u0161kolama.  <\/p>\n\n\n\n<p><\/p>\n\n\n\n<p>Rade\u0107i na problemskom zadatku, u\u010denici i u\u010denice analiziraju razli\u010dite probleme u zajednici, ispituju prednosti i nedostatke politika kojima vlast poku\u0161ava rije\u0161iti te probleme i alternativnih mjera koje zagovaraju razli\u010diti akteri. Rad zavr\u0161avaju na na\u010din da <strong>predla\u017eu svoju politiku<\/strong> &#8211; novo, prema njihovom mi\u0161ljenju, bolje, u\u010dinkovitije\/efikasnije rje\u0161enje problema, koji su prepoznali i istra\u017eili. <\/p>\n\n\n\n<ul class=\"wp-block-list\">\n<li><strong>PRVI KORAK<\/strong>: Identifikacija problema u zajednici <\/li>\n\n\n\n<li><strong>DRUGI KORAK<\/strong>: Izbor problema javne politike koji \u0107e razred\/odjel\/odjeljenje istra\u017eivati <\/li>\n\n\n\n<li><strong>TRE\u0106I KORAK<\/strong>: Prikupljanje informacija o odabranom problemu istra\u017eivanja <\/li>\n\n\n\n<li><strong>\u010cETVRTI KORAK<\/strong>: Izrada digitalnog portfolija <\/li>\n\n\n\n<li><strong>PETI KORAK:<\/strong> Priprema izlaganja <\/li>\n\n\n\n<li><strong>\u0160ESTI KORAK<\/strong>: Osvrt na nau\u010deno <\/li>\n<\/ul>\n\n\n\n<hr class=\"wp-block-separator has-alpha-channel-opacity is-style-wide\"\/>\n\n\n\n<p class=\"has-drop-cap has-text-color has-medium-font-size\" style=\"color:#b91065\"><strong><mark style=\"background-color:rgba(0, 0, 0, 0);color:#e22867\" class=\"has-inline-color\">2 DIJELA DIGITALNOG PORTFOLIJA<\/mark><\/strong><\/p>\n\n\n\n<p><strong>DIGITALNI PORTFOLIO <\/strong>je <strong>rezultat <\/strong>timskog rada i suradni\u010dkog u\u010denja <strong>svih u\u010denika i u\u010denica <\/strong>jednog razreda\/odjela\/odjeljenja. Ima dva dijela <strong><em>Dio za izlaganje <\/em>i<\/strong> <strong><em>Dio za dokumentaciju<\/em><\/strong>. <\/p>\n\n\n\n<p><\/p>\n\n\n\n<p><strong>Dio za izlaganje<\/strong>&nbsp;je PowerPoint prezentacija s jedinstvenim, unaprijed odre\u0111enim obrascem (<em>template<\/em>) u koji u\u010denici i u\u010denice unose informacije o svom radu. U ovom dijelu digitalnog portfolija nalaze se i njihova&nbsp;<strong>usmena izlaganja<\/strong>. Kliknete na jednu od tri jezi\u010dne verzije i preuzmite PPT prezentaciju prvog dijela digitalnog portfolija &#8211; Dijela za izlaganje. <\/p>\n\n\n\n<div class=\"wp-block-columns is-layout-flex wp-container-core-columns-is-layout-9d6595d7 wp-block-columns-is-layout-flex\">\n<div class=\"wp-block-column is-layout-flow wp-block-column-is-layout-flow\">\n<figure class=\"wp-block-image size-large\"><a href=\"https:\/\/docs.google.com\/presentation\/d\/1B4f1m_HeZKA-PwI_BgAE5EFHrUbqRl73\/edit?usp=sharing&amp;ouid=101624157724597770969&amp;rtpof=true&amp;sd=true\" target=\"_blank\" rel=\" noreferrer noopener\"><img loading=\"lazy\" decoding=\"async\" width=\"1024\" height=\"576\" src=\"https:\/\/civitas.ba\/projektgradjanin\/wp-content\/uploads\/2024\/11\/2025-1024x576.jpg\" alt=\"BOSANSKI JEZIK\" class=\"wp-image-1502\" srcset=\"https:\/\/civitas.ba\/projektgradjanin\/wp-content\/uploads\/2024\/11\/2025-1024x576.jpg 1024w, https:\/\/civitas.ba\/projektgradjanin\/wp-content\/uploads\/2024\/11\/2025-300x169.jpg 300w, https:\/\/civitas.ba\/projektgradjanin\/wp-content\/uploads\/2024\/11\/2025-768x432.jpg 768w, https:\/\/civitas.ba\/projektgradjanin\/wp-content\/uploads\/2024\/11\/2025-1536x864.jpg 1536w, https:\/\/civitas.ba\/projektgradjanin\/wp-content\/uploads\/2024\/11\/2025-850x478.jpg 850w, https:\/\/civitas.ba\/projektgradjanin\/wp-content\/uploads\/2024\/11\/2025.jpg 1920w\" sizes=\"auto, (max-width: 1024px) 100vw, 1024px\" \/><\/a><\/figure>\n\n\n\n<div class=\"wp-block-file aligncenter\"><a id=\"wp-block-file--media-c3881603-0b7d-481d-8bd8-683ec3614b9f\" href=\"https:\/\/civitas.ba\/projektgradjanin\/wp-content\/uploads\/2025\/02\/Obrazac-za-izlozbeni-dio-bosanski-jezik-2025-26-3.pptx\">Bosanski jezik 2025\/26<\/a><a href=\"https:\/\/civitas.ba\/projektgradjanin\/wp-content\/uploads\/2025\/02\/Obrazac-za-izlozbeni-dio-bosanski-jezik-2025-26-3.pptx\" class=\"wp-block-file__button wp-element-button\" download aria-describedby=\"wp-block-file--media-c3881603-0b7d-481d-8bd8-683ec3614b9f\">Preuzmite<\/a><\/div>\n<\/div>\n\n\n\n<div class=\"wp-block-column is-layout-flow wp-block-column-is-layout-flow\">\n<figure class=\"wp-block-image size-large\"><a href=\"https:\/\/docs.google.com\/presentation\/d\/1GBCxVFsuzkgHGGQV_ujsfkXZgQTuDODg\/edit?usp=sharing&amp;ouid=101624157724597770969&amp;rtpof=true&amp;sd=true\"><img loading=\"lazy\" decoding=\"async\" width=\"1024\" height=\"576\" src=\"https:\/\/civitas.ba\/projektgradjanin\/wp-content\/uploads\/2024\/11\/hr_2025-1024x576.jpg\" alt=\"\" class=\"wp-image-1507\" srcset=\"https:\/\/civitas.ba\/projektgradjanin\/wp-content\/uploads\/2024\/11\/hr_2025-1024x576.jpg 1024w, https:\/\/civitas.ba\/projektgradjanin\/wp-content\/uploads\/2024\/11\/hr_2025-300x169.jpg 300w, https:\/\/civitas.ba\/projektgradjanin\/wp-content\/uploads\/2024\/11\/hr_2025-768x432.jpg 768w, https:\/\/civitas.ba\/projektgradjanin\/wp-content\/uploads\/2024\/11\/hr_2025-1536x864.jpg 1536w, https:\/\/civitas.ba\/projektgradjanin\/wp-content\/uploads\/2024\/11\/hr_2025-850x478.jpg 850w, https:\/\/civitas.ba\/projektgradjanin\/wp-content\/uploads\/2024\/11\/hr_2025.jpg 1920w\" sizes=\"auto, (max-width: 1024px) 100vw, 1024px\" \/><\/a><\/figure>\n\n\n\n<div class=\"wp-block-file aligncenter\"><a id=\"wp-block-file--media-b9390691-a7a6-4999-8ba0-66f4e2772ed0\" href=\"https:\/\/civitas.ba\/projektgradjanin\/wp-content\/uploads\/2025\/02\/Obrazac-za-izlozbeni-dio-hrvatski-jezik-2026.pptx\">Hrvatski jezik 2025\/2026<\/a><a href=\"https:\/\/civitas.ba\/projektgradjanin\/wp-content\/uploads\/2025\/02\/Obrazac-za-izlozbeni-dio-hrvatski-jezik-2026.pptx\" class=\"wp-block-file__button wp-element-button\" download aria-describedby=\"wp-block-file--media-b9390691-a7a6-4999-8ba0-66f4e2772ed0\">Preuzmite<\/a><\/div>\n<\/div>\n\n\n\n<div class=\"wp-block-column is-layout-flow wp-block-column-is-layout-flow\">\n<figure class=\"wp-block-image size-large\"><a href=\"https:\/\/docs.google.com\/presentation\/d\/1f9p3DP4jZfhbC-dyGjF8lj5wVCcllMvy\/edit?usp=sharing&amp;ouid=101624157724597770969&amp;rtpof=true&amp;sd=true\"><img loading=\"lazy\" decoding=\"async\" width=\"1024\" height=\"576\" src=\"https:\/\/civitas.ba\/projektgradjanin\/wp-content\/uploads\/2023\/03\/sr_2025-1024x576.jpg\" alt=\"\" class=\"wp-image-1511\" srcset=\"https:\/\/civitas.ba\/projektgradjanin\/wp-content\/uploads\/2023\/03\/sr_2025-1024x576.jpg 1024w, https:\/\/civitas.ba\/projektgradjanin\/wp-content\/uploads\/2023\/03\/sr_2025-300x169.jpg 300w, https:\/\/civitas.ba\/projektgradjanin\/wp-content\/uploads\/2023\/03\/sr_2025-768x432.jpg 768w, https:\/\/civitas.ba\/projektgradjanin\/wp-content\/uploads\/2023\/03\/sr_2025-1536x864.jpg 1536w, https:\/\/civitas.ba\/projektgradjanin\/wp-content\/uploads\/2023\/03\/sr_2025-850x478.jpg 850w, https:\/\/civitas.ba\/projektgradjanin\/wp-content\/uploads\/2023\/03\/sr_2025.jpg 1920w\" sizes=\"auto, (max-width: 1024px) 100vw, 1024px\" \/><\/a><\/figure>\n\n\n\n<div class=\"wp-block-file aligncenter\"><a id=\"wp-block-file--media-bc172261-fcf9-430a-88e5-521d70b4b396\" href=\"https:\/\/civitas.ba\/projektgradjanin\/wp-content\/uploads\/2025\/02\/\u041e\u0431\u0440\u0430\u0437\u0430\u0446-\u0437\u0430-\u0438\u0437\u043b\u043e\u0436\u0431\u0435\u043d\u0438-\u0434\u0438\u043e-\u0437\u0430-\u0448\u043a\u043e\u043b\u0435-\u0420\u0435\u043f\u0443\u0431\u043b\u0438\u043a\u0435-\u0421\u0440\u043f\u0441\u043a\u0435-2026.pptx\">\u0421\u0440\u043f\u0441\u043a\u0438 \u0458\u0435\u0437\u0438\u043a 2025\/2026<\/a><a href=\"https:\/\/civitas.ba\/projektgradjanin\/wp-content\/uploads\/2025\/02\/\u041e\u0431\u0440\u0430\u0437\u0430\u0446-\u0437\u0430-\u0438\u0437\u043b\u043e\u0436\u0431\u0435\u043d\u0438-\u0434\u0438\u043e-\u0437\u0430-\u0448\u043a\u043e\u043b\u0435-\u0420\u0435\u043f\u0443\u0431\u043b\u0438\u043a\u0435-\u0421\u0440\u043f\u0441\u043a\u0435-2026.pptx\" class=\"wp-block-file__button wp-element-button\" download aria-describedby=\"wp-block-file--media-bc172261-fcf9-430a-88e5-521d70b4b396\">\u041f\u0440\u0435\u0443\u0437\u043c\u0438\u0442\u0435<\/a><\/div>\n<\/div>\n<\/div>\n\n\n\n<p>Drugi dio, <strong>Dio za dokumentaciju<\/strong>, u\u010denici i u\u010denice kreiraju sami i on treba sadr\u017eavati sve \u0161to su istra\u017eili, nau\u010dili i saznali o problemu. U ovom dijelu digitalnog portfolija su stru\u010dna literatura koju su koristili, medijski \u010dlanci, anketni listovi, potpisi i pisma podr\u0161ke, E-po\u0161ta koju su razmijenili sa stru\u010dnjacima i stru\u010dnjakinjama, predstavnicima razli\u010ditih institucija vlasti i drugi, relevantni dokazi o svemu \u0161to su naveli u Dijelu za izlaganje.<\/p>\n\n\n\n<p>Dokumentacija mo\u017ee biti:<\/p>\n\n\n\n<ul class=\"wp-block-list\">\n<li>PDF dokument s tekstom i fotografijama u kojem su istaknute poveznice <em>(links)<\/em> za video zapise, medijske \u010dlanke i druge online dostupne sadr\u017eaje ili<\/li>\n\n\n\n<li>Folder s materijalima razli\u010ditih formata<\/li>\n<\/ul>\n\n\n\n<hr class=\"wp-block-separator has-alpha-channel-opacity\"\/>\n\n\n\n<p class=\"has-drop-cap has-text-color has-medium-font-size\" style=\"color:#1691b3\"><strong>4 CJELINE ZA SVAKI OD DVA DIJELA PORTFOLIJA <\/strong><\/p>\n\n\n\n<p><strong>I Dio za izlaganje i Dio za dokumentaciju imaju po 4 CJELINE <\/strong>unutar kojih u\u010denici i u\u010denice organiziraju i predstavljaju informacije koje su prikupili o problemu, kao i mjeru javne politike koju zagovaraju kao rje\u0161enje problema. <\/p>\n\n\n\n<p>U<strong>&nbsp;Dijelu za izlaganje<\/strong>&nbsp;(PowerPoint prezentaciji) ove su cjeline ozna\u010dene prvim, po\u010detnim&nbsp;<em>slide<\/em>-om ljubi\u010daste boje. U<strong>&nbsp;Dijelu za dokumentaciju<\/strong>&nbsp;cjeline se trebaju ista\u0107i kao naslovi ili (pod)folderi u folderu dokumentacije.<\/p>\n\n\n\n<ul class=\"wp-block-list\">\n<li><strong>PRVA CJELINA: OBJA\u0160NJENJE PROBLEMA<\/strong> predstavlja informacije koje u\u010denici i u\u010denice imaju o problemu koji istra\u017euju, uklju\u010duju\u0107i zvani\u010dnu statistiku, mi\u0161ljenja struke o uzrocima i posljedicama problema, \u0161tetnim posljedicama koje taj problem ima po cijelu zajednicu, prikaz trenda rasta problema i\/ili njegove povezanosti s drugim problemima u zajednici;<\/li>\n\n\n\n<li><strong>DRUGA CJELINA je ANALIZA POLITIKA <\/strong>i predstavlja<strong> prikaz svih prednosti i nedostataka<\/strong> postoje\u0107e <strong>javne politike<\/strong> \u2013 mjera kojima vlast poku\u0161ava rije\u0161iti problem i <strong>alternativnih mjera <\/strong>koje predla\u017eu opozicija, interesne grupe gra\u0111ana i gra\u0111anki, organizacije civilnog dru\u0161tva, stru\u010dnjaci i stru\u010dnjakinje, stru\u010dna i profesionalna udru\u017eenja, ali i mjera javne politike koje su za isti ili sli\u010dan problem usvojile i provode druge zajednice;<\/li>\n\n\n\n<li><strong>TRE\u0106A CJELINA: POLITIKA RAZREDA<\/strong> predstavlja <strong>mjeru javne politike<\/strong> koju u\u010denici i u\u010denice predla\u017eu kao rje\u0161enje problema koji su istra\u017eivali. Uz sadr\u017eaj te mjere, trebaju odrediti nivo\/razinu i granu vlasti, kao i <strong>konkretnu instituciju vlasti nadle\u017enu za usvajanje i provedbu<\/strong> te mjere. Isto tako trebaju navesti koja, kakva i kolika <strong>izdvajanja iz javnog bud\u017eeta\/prora\u010duna<\/strong> su potrebna za realizaciju predlo\u017eenog rje\u0161enja &#8211; provedbu predlo\u017eene mjere; <\/li>\n\n\n\n<li><strong>\u010cETVRTA CJELINA: PLAN AKCIJE&nbsp;<\/strong>predstavlja sve aktivnosti koje su u\u010denici i u\u010denice proveli kako bi podigli svijest javnosti o problemu, dobili podr\u0161ku stru\u010dnjaka i stru\u010dnjakinja, razli\u010ditih javnih ustanova i \u0161ire javnosti (gra\u0111ana i gra\u0111anki), te kako su tu podr\u0161ku koristili da svoj prijedlog nove mjere javne politike predstave instituciji\/ama nadle\u017enim za njeno usvajanje i provedbu.<\/li>\n<\/ul>\n\n\n\n<p><\/p>\n\n\n\n<p class=\"has-text-color\" style=\"color:#7a068f\"><strong>Preuzmite Smjernice za rad s detaljnim instrukcijama za pripremu izlaganja i dokumentacije za svaku cjelinu oba dijela digitalnog portfolija i preporukama za digitalne alate koje mo\u017eete koristiti u radu.<\/strong><\/p>\n\n\n\n<figure class=\"wp-block-gallery has-nested-images columns-default is-cropped wp-block-gallery-1 is-layout-flex wp-block-gallery-is-layout-flex\">\n<figure class=\"wp-block-image size-large\"><a href=\"https:\/\/fliphtml5.com\/tnwqt\/twmb\" target=\"_blank\" rel=\"noreferrer noopener\"><img loading=\"lazy\" decoding=\"async\" width=\"1024\" height=\"757\" data-id=\"1192\" src=\"https:\/\/civitas.ba\/projektgradjanin\/wp-content\/uploads\/2023\/03\/My-mockup-161-from-Poster-Design-Mockups-2-1024x757.jpg\" alt=\"\" class=\"wp-image-1192\" srcset=\"https:\/\/civitas.ba\/projektgradjanin\/wp-content\/uploads\/2023\/03\/My-mockup-161-from-Poster-Design-Mockups-2-1024x757.jpg 1024w, https:\/\/civitas.ba\/projektgradjanin\/wp-content\/uploads\/2023\/03\/My-mockup-161-from-Poster-Design-Mockups-2-300x222.jpg 300w, https:\/\/civitas.ba\/projektgradjanin\/wp-content\/uploads\/2023\/03\/My-mockup-161-from-Poster-Design-Mockups-2-768x568.jpg 768w, https:\/\/civitas.ba\/projektgradjanin\/wp-content\/uploads\/2023\/03\/My-mockup-161-from-Poster-Design-Mockups-2-1536x1136.jpg 1536w, https:\/\/civitas.ba\/projektgradjanin\/wp-content\/uploads\/2023\/03\/My-mockup-161-from-Poster-Design-Mockups-2-2048x1514.jpg 2048w, https:\/\/civitas.ba\/projektgradjanin\/wp-content\/uploads\/2023\/03\/My-mockup-161-from-Poster-Design-Mockups-2-850x629.jpg 850w\" sizes=\"auto, (max-width: 1024px) 100vw, 1024px\" \/><\/a><figcaption class=\"wp-element-caption\"><strong><a href=\"https:\/\/fliphtml5.com\/tnwqt\/twmb\" target=\"_blank\" rel=\"noreferrer noopener\">SMJERNICE &#8211; BOSANSKI JEZIK<\/a><\/strong><\/figcaption><\/figure>\n\n\n\n<figure class=\"wp-block-image size-large\"><a href=\"https:\/\/fliphtml5.com\/tnwqt\/axyk\" target=\"_blank\" rel=\"noreferrer noopener\"><img loading=\"lazy\" decoding=\"async\" width=\"1024\" height=\"757\" data-id=\"1191\" src=\"https:\/\/civitas.ba\/projektgradjanin\/wp-content\/uploads\/2023\/03\/My-mockup-162-from-Poster-Design-Mockups-2-2-1024x757.jpg\" alt=\"\" class=\"wp-image-1191\" srcset=\"https:\/\/civitas.ba\/projektgradjanin\/wp-content\/uploads\/2023\/03\/My-mockup-162-from-Poster-Design-Mockups-2-2-1024x757.jpg 1024w, https:\/\/civitas.ba\/projektgradjanin\/wp-content\/uploads\/2023\/03\/My-mockup-162-from-Poster-Design-Mockups-2-2-300x222.jpg 300w, https:\/\/civitas.ba\/projektgradjanin\/wp-content\/uploads\/2023\/03\/My-mockup-162-from-Poster-Design-Mockups-2-2-768x568.jpg 768w, https:\/\/civitas.ba\/projektgradjanin\/wp-content\/uploads\/2023\/03\/My-mockup-162-from-Poster-Design-Mockups-2-2-1536x1136.jpg 1536w, https:\/\/civitas.ba\/projektgradjanin\/wp-content\/uploads\/2023\/03\/My-mockup-162-from-Poster-Design-Mockups-2-2-2048x1514.jpg 2048w, https:\/\/civitas.ba\/projektgradjanin\/wp-content\/uploads\/2023\/03\/My-mockup-162-from-Poster-Design-Mockups-2-2-850x629.jpg 850w\" sizes=\"auto, (max-width: 1024px) 100vw, 1024px\" \/><\/a><figcaption class=\"wp-element-caption\"><strong><a href=\"https:\/\/fliphtml5.com\/tnwqt\/axyk\" target=\"_blank\" rel=\"noreferrer noopener\">SMJERNICE &#8211; HRVATSKI JEZIK<\/a><\/strong><\/figcaption><\/figure>\n\n\n\n<figure class=\"wp-block-image size-large\"><a href=\"https:\/\/online.fliphtml5.com\/tnwqt\/igdt\/#p=1\" target=\"_blank\" rel=\"noreferrer noopener\"><img loading=\"lazy\" decoding=\"async\" width=\"1024\" height=\"757\" data-id=\"1190\" src=\"https:\/\/civitas.ba\/projektgradjanin\/wp-content\/uploads\/2023\/03\/My-mockup-163-from-Poster-Design-Mockups-1-2-1024x757.jpg\" alt=\"\" class=\"wp-image-1190\" srcset=\"https:\/\/civitas.ba\/projektgradjanin\/wp-content\/uploads\/2023\/03\/My-mockup-163-from-Poster-Design-Mockups-1-2-1024x757.jpg 1024w, https:\/\/civitas.ba\/projektgradjanin\/wp-content\/uploads\/2023\/03\/My-mockup-163-from-Poster-Design-Mockups-1-2-300x222.jpg 300w, https:\/\/civitas.ba\/projektgradjanin\/wp-content\/uploads\/2023\/03\/My-mockup-163-from-Poster-Design-Mockups-1-2-768x568.jpg 768w, https:\/\/civitas.ba\/projektgradjanin\/wp-content\/uploads\/2023\/03\/My-mockup-163-from-Poster-Design-Mockups-1-2-1536x1136.jpg 1536w, https:\/\/civitas.ba\/projektgradjanin\/wp-content\/uploads\/2023\/03\/My-mockup-163-from-Poster-Design-Mockups-1-2-2048x1514.jpg 2048w, https:\/\/civitas.ba\/projektgradjanin\/wp-content\/uploads\/2023\/03\/My-mockup-163-from-Poster-Design-Mockups-1-2-850x629.jpg 850w\" sizes=\"auto, (max-width: 1024px) 100vw, 1024px\" \/><\/a><figcaption class=\"wp-element-caption\"><strong><a href=\"https:\/\/online.fliphtml5.com\/tnwqt\/igdt\/#p=1\" target=\"_blank\" rel=\"noreferrer noopener\">\u0421\u041c\u0408\u0415\u0420\u041d\u0418\u0426\u0415 &#8211; \u0421\u0420\u041f\u0421\u041a\u0418 \u0408\u0415\u0417\u0418\u041a<\/a><\/strong><\/figcaption><\/figure>\n<\/figure>\n\n\n\n<hr class=\"wp-block-separator has-alpha-channel-opacity\"\/>\n\n\n\n<p class=\"has-drop-cap has-text-color has-medium-font-size\" style=\"color:#0d9e83\"><strong>8 U\u010cENIKA I U\u010cENICA IZLA\u017dU PORTFOLIO<\/strong><\/p>\n\n\n\n<p>U rad, na izradi digitalnog portfolija, uklju\u010deni su svi u\u010denici i sve u\u010denice jednog razreda\/odjela\/odjeljenja. Oni, izme\u0111u sebe, biraju osam <strong>(8) u\u010denika i u\u010denica <\/strong>koji \u0107e izlo\u017eiti taj rad, <strong>po dvoje za svaku cjelinu<\/strong>. <\/p>\n\n\n\n<p><strong>Svoja izlaganja u\u010denici \u0107e snimiti i unijeti u Dio za izlaganje digitalnog portfolija <\/strong>(PPT prezentaciju). Vrijeme izlaganja je <strong>4 minute za svaku cjelinu<\/strong>, odnosno<strong> ukupno 16 minuta<\/strong> za cijeli portfolio. Dva (2) u\u010denika\/u\u010denice, koji izla\u017eu jednu, istu, cjelinu, dijele vrijeme izlaganja na <strong>2 x 2 minute<\/strong>.<\/p>\n\n\n\n<p>Snimljena izlaganja za svaku cjelinu mogu biti a) jedan video koji traje 4 minute i ima dva govornika\/govornice ili b) dva videa, svaki sa po jednim govornikom\/govornicom i u trajanju do 2 minute. <\/p>\n\n\n\n<hr class=\"wp-block-separator has-alpha-channel-opacity\"\/>\n\n\n\n<p>Na <strong>vi\u0161im nivoima takmi\u010denja\/vi\u0161im razinama natjecanja<\/strong> ovi \u0107e u\u010denici i u\u010denice imati priliku <strong>u\u017eivo\/live izlo\u017eiti svoj portfolio <\/strong>i <strong>odgovarati na pitanja sudija\/sudaca<\/strong>. Za prijavu, predmetni nastavnik dostavlja digitalni portfolio razreda\/odjela\/odjeljenja E-po\u0161tom na adrese koje su predstavljene u sekciji ove stranice, koja nosi naziv: <a href=\"https:\/\/civitas.ba\/projektgradjanin\/takmicenja-natjecanja\/\">Takmi\u010denja\/Natjecanja<\/a>. <\/p>\n\n\n\n<ul class=\"wp-block-list\">\n<li>Organizator\/Organizatorica takmi\u010denja\/natjecanja \u0107e objaviti <strong>raspored izlaganja<\/strong> svih \u0161kolskih timova koji uklju\u010duje informacije o danu, datumu i konkretnom vrijemenu izlaganja za svaki \u0161kolski tim. Uz raspored, timovi \u0107e dobiti i poveznicu (link) za video poziv &#8211; <strong>izravno uklju\u010denje u program takmi\u010denja\/natjecanja<\/strong>. <\/li>\n\n\n\n<li><strong>Na dan takmi\u010denja\/natjecanja<\/strong> u\u010denici su u \u0161koli, u svom razredu\/odjelu\/odjeljenju. U trenutku uklju\u010denja u program takmi\u010denja\/natjecanja, kada organizator\/organizatorica prozove njihov \u0161kolski tim, <strong>u kadru je svih 8 u\u010denika i u\u010denica koji izla\u017eu portfolio<\/strong>. I drugi u\u010denici tog razreda\/odjela\/odjeljenja mogu biti u istoj prostoriji, u kadru \u201ciza\u201d u odnosu na u\u010denike i u\u010denice koji\/e izla\u017eu.<\/li>\n\n\n\n<li>Dva u\u010denika\/u\u010denice koji izla\u017eu prvu cjelinu, istupaju ispred tima koji izla\u017ee, odnosno prilaze bli\u017ee kameri i izla\u017eu svoj dio portfolija. I kod ovih izlaganja vrijedi pravilo da je <strong>vrijeme ograni\u010deno na 4 minute za svaku cjelinu<\/strong> i da tu cjelinu predstavljaju &#8211; izla\u017eu po 2 u\u010denika\/u\u010denice.<\/li>\n\n\n\n<li>Nakon toga <strong>slijedi 6 minuta za pitanja sudija\/sudaca<\/strong> i odgovore u\u010denika i u\u010denica.<\/li>\n\n\n\n<li>Kameri, zatim, prilazi drugi tim, drugo dvoje u\u010denika\/u\u010denica koji predstavljaju drugu, odnosno narednu cjelinu portfolija. I oni \u0107e predstavljati 4 minute nakon kojih slijedi vrijeme od 6 minuta za pitanja sudija\/sudaca.<\/li>\n\n\n\n<li>Kada se izlo\u017ei cijeli portfolio i zavr\u0161e sva ispitivanja organizator\/organizatorica \u0107e tom \u0161kolskom timu isklju\u010diti mikrofon. U tom trenutku, tim se mo\u017eete isklju\u010diti iz poziva (live\/u\u017eivo prijenosa takmi\u010denja\/natjecanja) ili ostati i bez prava na aktivno u\u010de\u0161\u0107e\/sudjelovanje, pratiti izlaganja drugih \u0161kolskih timova. <\/li>\n<\/ul>\n\n\n\n<p class=\"has-black-color has-text-color\"><strong>Za vi\u0161e informacija pregledajte sekciju (poddomenu) <a href=\"https:\/\/civitas.ba\/projektgradjanin\/takmicenja-natjecanja\/\">TAKMI\u010cENJA &#8211; NATJECANJA<\/a><\/strong><\/p>\n\n\n\n<p class=\"has-text-color\" style=\"color:#7a068f\"><strong>Preuzmite novi Pravilnik &#8220;Projekt gra\u0111anin\/Projekat Ja gra\u0111anin&#8221; takmi\u010denja\/natjecanja: <\/strong><\/p>\n\n\n\n<figure class=\"wp-block-gallery has-nested-images columns-default is-cropped wp-block-gallery-2 is-layout-flex wp-block-gallery-is-layout-flex\">\n<figure class=\"wp-block-image size-large\"><a href=\"https:\/\/fliphtml5.com\/tnwqt\/gunw\" target=\"_blank\" rel=\"noreferrer noopener\"><img loading=\"lazy\" decoding=\"async\" width=\"1024\" height=\"658\" data-id=\"1198\" src=\"https:\/\/civitas.ba\/projektgradjanin\/wp-content\/uploads\/2023\/03\/My-mockup-167-from-Retro-Vinyl-Record-Mockups-1-3-1024x658.jpg\" alt=\"\" class=\"wp-image-1198\" srcset=\"https:\/\/civitas.ba\/projektgradjanin\/wp-content\/uploads\/2023\/03\/My-mockup-167-from-Retro-Vinyl-Record-Mockups-1-3-1024x658.jpg 1024w, https:\/\/civitas.ba\/projektgradjanin\/wp-content\/uploads\/2023\/03\/My-mockup-167-from-Retro-Vinyl-Record-Mockups-1-3-300x193.jpg 300w, https:\/\/civitas.ba\/projektgradjanin\/wp-content\/uploads\/2023\/03\/My-mockup-167-from-Retro-Vinyl-Record-Mockups-1-3-768x494.jpg 768w, https:\/\/civitas.ba\/projektgradjanin\/wp-content\/uploads\/2023\/03\/My-mockup-167-from-Retro-Vinyl-Record-Mockups-1-3-1536x987.jpg 1536w, https:\/\/civitas.ba\/projektgradjanin\/wp-content\/uploads\/2023\/03\/My-mockup-167-from-Retro-Vinyl-Record-Mockups-1-3-2048x1316.jpg 2048w, https:\/\/civitas.ba\/projektgradjanin\/wp-content\/uploads\/2023\/03\/My-mockup-167-from-Retro-Vinyl-Record-Mockups-1-3-850x546.jpg 850w\" sizes=\"auto, (max-width: 1024px) 100vw, 1024px\" \/><\/a><figcaption class=\"wp-element-caption\"><strong><a href=\"https:\/\/fliphtml5.com\/tnwqt\/gunw\" target=\"_blank\" rel=\"noreferrer noopener\">PRAVILNIK &#8211; BOSANSKI JEZIK<\/a><\/strong><\/figcaption><\/figure>\n\n\n\n<figure class=\"wp-block-image size-large\"><a href=\"https:\/\/fliphtml5.com\/tnwqt\/ddda\" target=\"_blank\" rel=\"noreferrer noopener\"><img loading=\"lazy\" decoding=\"async\" width=\"1024\" height=\"658\" data-id=\"1197\" src=\"https:\/\/civitas.ba\/projektgradjanin\/wp-content\/uploads\/2023\/03\/My-mockup-167-from-Retro-Vinyl-Record-Mockups-3-1024x658.jpg\" alt=\"\" class=\"wp-image-1197\" srcset=\"https:\/\/civitas.ba\/projektgradjanin\/wp-content\/uploads\/2023\/03\/My-mockup-167-from-Retro-Vinyl-Record-Mockups-3-1024x658.jpg 1024w, https:\/\/civitas.ba\/projektgradjanin\/wp-content\/uploads\/2023\/03\/My-mockup-167-from-Retro-Vinyl-Record-Mockups-3-300x193.jpg 300w, https:\/\/civitas.ba\/projektgradjanin\/wp-content\/uploads\/2023\/03\/My-mockup-167-from-Retro-Vinyl-Record-Mockups-3-768x494.jpg 768w, https:\/\/civitas.ba\/projektgradjanin\/wp-content\/uploads\/2023\/03\/My-mockup-167-from-Retro-Vinyl-Record-Mockups-3-1536x987.jpg 1536w, https:\/\/civitas.ba\/projektgradjanin\/wp-content\/uploads\/2023\/03\/My-mockup-167-from-Retro-Vinyl-Record-Mockups-3-2048x1316.jpg 2048w, https:\/\/civitas.ba\/projektgradjanin\/wp-content\/uploads\/2023\/03\/My-mockup-167-from-Retro-Vinyl-Record-Mockups-3-850x546.jpg 850w\" sizes=\"auto, (max-width: 1024px) 100vw, 1024px\" \/><\/a><figcaption class=\"wp-element-caption\"><strong><a href=\"https:\/\/fliphtml5.com\/tnwqt\/ddda\" target=\"_blank\" rel=\"noreferrer noopener\">PRAVILNIK &#8211; HRVATSKI JEZIK<\/a><\/strong><\/figcaption><\/figure>\n\n\n\n<figure class=\"wp-block-image size-large\"><a href=\"https:\/\/online.fliphtml5.com\/tnwqt\/bvng\/#p=1\" target=\"_blank\" rel=\"noreferrer noopener\"><img loading=\"lazy\" decoding=\"async\" width=\"1024\" height=\"658\" data-id=\"1199\" src=\"https:\/\/civitas.ba\/projektgradjanin\/wp-content\/uploads\/2023\/03\/My-mockup-168-from-Retro-Vinyl-Record-Mockups-2-1024x658.jpg\" alt=\"\" class=\"wp-image-1199\" srcset=\"https:\/\/civitas.ba\/projektgradjanin\/wp-content\/uploads\/2023\/03\/My-mockup-168-from-Retro-Vinyl-Record-Mockups-2-1024x658.jpg 1024w, https:\/\/civitas.ba\/projektgradjanin\/wp-content\/uploads\/2023\/03\/My-mockup-168-from-Retro-Vinyl-Record-Mockups-2-300x193.jpg 300w, https:\/\/civitas.ba\/projektgradjanin\/wp-content\/uploads\/2023\/03\/My-mockup-168-from-Retro-Vinyl-Record-Mockups-2-768x494.jpg 768w, https:\/\/civitas.ba\/projektgradjanin\/wp-content\/uploads\/2023\/03\/My-mockup-168-from-Retro-Vinyl-Record-Mockups-2-1536x987.jpg 1536w, https:\/\/civitas.ba\/projektgradjanin\/wp-content\/uploads\/2023\/03\/My-mockup-168-from-Retro-Vinyl-Record-Mockups-2-2048x1316.jpg 2048w, https:\/\/civitas.ba\/projektgradjanin\/wp-content\/uploads\/2023\/03\/My-mockup-168-from-Retro-Vinyl-Record-Mockups-2-850x546.jpg 850w\" sizes=\"auto, (max-width: 1024px) 100vw, 1024px\" \/><\/a><figcaption class=\"wp-element-caption\"><strong><a href=\"https:\/\/online.fliphtml5.com\/tnwqt\/bvng\/#p=1\" target=\"_blank\" rel=\"noreferrer noopener\">\u041f\u0420\u0410\u0412\u0418\u041b\u041d\u0418\u041a &#8211; \u0421\u0420\u041f\u0421\u041a\u0418 \u0408\u0415\u0417\u0418\u041a<\/a><\/strong><\/figcaption><\/figure>\n<\/figure>\n\n\n\n<hr class=\"wp-block-separator has-alpha-channel-opacity\"\/>\n\n\n\n<p>I kod <strong>ocjene digitalnog portfolija<\/strong> i kod <strong>ocjene izlaganja<\/strong> sudije\/suci \u0107e posebno provjeravati i vrednovati jesu li u\u010denici i u\u010denice a) za rje\u0161enje predlo\u017eili <strong>mjeru javne politike<\/strong> b) pravilno odredili&nbsp;<strong>nivoe\/razine, grane i konkretne institucije vlasti <\/strong>nadle\u017ene za predaganje, usvajanje i provedbu mjere koju oni zagovaraju &#8211; predla\u017eu kao rje\u0161enje problema c) jesu li i na koji na\u010din <strong>osigurali podr\u0161ku\/potporu javnosti <\/strong>za svoj prijedlog, te d) kako su tu podr\u0161ku\/potporu koristili da predla\u017eenu politiku <strong>predstave instituciji nadle\u017enoj za njeno usvajanje i provedbu<\/strong>.<\/p>\n\n\n\n<div class=\"wp-block-columns is-layout-flex wp-container-core-columns-is-layout-9d6595d7 wp-block-columns-is-layout-flex\">\n<div class=\"wp-block-column is-layout-flow wp-block-column-is-layout-flow\">\n<div data-wp-interactive=\"core\/file\" class=\"wp-block-file\"><object data-wp-bind--hidden=\"!state.hasPdfPreview\" hidden class=\"wp-block-file__embed\" data=\"https:\/\/civitas.ba\/projektgradjanin\/wp-content\/uploads\/2023\/03\/Lista-za-sudije-bosanski-jezik-1.pdf\" type=\"application\/pdf\" style=\"width:100%;height:430px\" aria-label=\"Embed of Lista-za-sudije-bosanski-jezik.\"><\/object><a id=\"wp-block-file--media-890ebdf7-1a30-4b9c-93ad-b60694cff8e9\" href=\"https:\/\/civitas.ba\/projektgradjanin\/wp-content\/uploads\/2023\/03\/Lista-za-sudije-bosanski-jezik-1.pdf\">Lista-za-sudije-bosanski-jezik<\/a><a href=\"https:\/\/civitas.ba\/projektgradjanin\/wp-content\/uploads\/2023\/03\/Lista-za-sudije-bosanski-jezik-1.pdf\" class=\"wp-block-file__button wp-element-button\" download aria-describedby=\"wp-block-file--media-890ebdf7-1a30-4b9c-93ad-b60694cff8e9\">Download<\/a><\/div>\n<\/div>\n\n\n\n<div class=\"wp-block-column is-layout-flow wp-block-column-is-layout-flow\">\n<div data-wp-interactive=\"core\/file\" class=\"wp-block-file\"><object data-wp-bind--hidden=\"!state.hasPdfPreview\" hidden class=\"wp-block-file__embed\" data=\"https:\/\/civitas.ba\/projektgradjanin\/wp-content\/uploads\/2023\/03\/Lista-za-suce-hrvatski-jezik-1.pdf\" type=\"application\/pdf\" style=\"width:100%;height:430px\" aria-label=\"Embed of Lista-za-suce-hrvatski-jezik.\"><\/object><a id=\"wp-block-file--media-080c6e91-7101-482b-a73e-f3b8d7242251\" href=\"https:\/\/civitas.ba\/projektgradjanin\/wp-content\/uploads\/2023\/03\/Lista-za-suce-hrvatski-jezik-1.pdf\">Lista-za-suce-hrvatski-jezik<\/a><a href=\"https:\/\/civitas.ba\/projektgradjanin\/wp-content\/uploads\/2023\/03\/Lista-za-suce-hrvatski-jezik-1.pdf\" class=\"wp-block-file__button wp-element-button\" download aria-describedby=\"wp-block-file--media-080c6e91-7101-482b-a73e-f3b8d7242251\">Download<\/a><\/div>\n<\/div>\n\n\n\n<div class=\"wp-block-column is-layout-flow wp-block-column-is-layout-flow\">\n<div data-wp-interactive=\"core\/file\" class=\"wp-block-file\"><object data-wp-bind--hidden=\"!state.hasPdfPreview\" hidden class=\"wp-block-file__embed\" data=\"https:\/\/civitas.ba\/projektgradjanin\/wp-content\/uploads\/2023\/03\/Bodovna-lista-za-ocjenu-portfolija-RS.pdf\" type=\"application\/pdf\" style=\"width:100%;height:430px\" aria-label=\"Embed of Lista-za-sudije-srpski-jezik.\"><\/object><a id=\"wp-block-file--media-cdfede41-1d50-40e3-8439-73c1196f67ce\" href=\"https:\/\/civitas.ba\/projektgradjanin\/wp-content\/uploads\/2023\/03\/Bodovna-lista-za-ocjenu-portfolija-RS.pdf\">Lista-za-sudije-srpski-jezik<\/a><a href=\"https:\/\/civitas.ba\/projektgradjanin\/wp-content\/uploads\/2023\/03\/Bodovna-lista-za-ocjenu-portfolija-RS.pdf\" class=\"wp-block-file__button wp-element-button\" download aria-describedby=\"wp-block-file--media-cdfede41-1d50-40e3-8439-73c1196f67ce\">Download<\/a><\/div>\n<\/div>\n<\/div>\n\n\n\n<hr class=\"wp-block-separator has-alpha-channel-opacity\"\/>\n","protected":false},"excerpt":{"rendered":"<p>Prakti\u010dna nastava &#8220;Projekt gra\u0111anin\/Projekat Ja gra\u0111anin&#8221; priprema u\u010denike i u\u010denice za ulogu aktivnih, odgovornih i informiranih gra\u0111ana i gra\u0111anki demokratskog dru\u0161tva, uklju\u010denih u procese odlu\u010divanja u njihovim zajednicama. Kroz prakti\u010dnu nastavu oni upoznaju organizaciju (vertikalnu i horizontalnu strukturu) vlasti, u\u010de razlikovati nivoe\/razine i grane vlasti, nadle\u017enosti konkretnih institucija vlasti na svakom nivou\/razini odlu\u010divanja (dono\u0161enja javne&#8230;<\/p>\n","protected":false},"author":3,"featured_media":0,"parent":0,"menu_order":0,"comment_status":"closed","ping_status":"closed","template":"","meta":{"footnotes":""},"class_list":["post-978","page","type-page","status-publish","hentry"],"_links":{"self":[{"href":"https:\/\/civitas.ba\/projektgradjanin\/wp-json\/wp\/v2\/pages\/978","targetHints":{"allow":["GET"]}}],"collection":[{"href":"https:\/\/civitas.ba\/projektgradjanin\/wp-json\/wp\/v2\/pages"}],"about":[{"href":"https:\/\/civitas.ba\/projektgradjanin\/wp-json\/wp\/v2\/types\/page"}],"author":[{"embeddable":true,"href":"https:\/\/civitas.ba\/projektgradjanin\/wp-json\/wp\/v2\/users\/3"}],"replies":[{"embeddable":true,"href":"https:\/\/civitas.ba\/projektgradjanin\/wp-json\/wp\/v2\/comments?post=978"}],"version-history":[{"count":0,"href":"https:\/\/civitas.ba\/projektgradjanin\/wp-json\/wp\/v2\/pages\/978\/revisions"}],"wp:attachment":[{"href":"https:\/\/civitas.ba\/projektgradjanin\/wp-json\/wp\/v2\/media?parent=978"}],"curies":[{"name":"wp","href":"https:\/\/api.w.org\/{rel}","templated":true}]}}